{"id":17,"date":"2022-05-19T11:08:07","date_gmt":"2022-05-19T11:08:07","guid":{"rendered":"https:\/\/groups.tecnico.ulisboa.pt\/~spl.daemon\/?page_id=17"},"modified":"2026-02-19T14:22:34","modified_gmt":"2026-02-19T14:22:34","slug":"coloquio","status":"publish","type":"page","link":"https:\/\/groups.tecnico.ulisboa.pt\/~spl.daemon\/coloquio\/","title":{"rendered":"Col\u00f3quio de L\u00f3gica"},"content":{"rendered":"\n<p>O Col\u00f3quio de L\u00f3gica,\u00a0organizado pela Sociedade Portuguesa de L\u00f3gica SPL, visa\u00a0promover a investiga\u00e7\u00e3o e o conhecimento nesta \u00e1rea, desde a l\u00f3gica matem\u00e1tica at\u00e9 \u00e0 l\u00f3gica filos\u00f3fica assim como l\u00f3gica para a intelig\u00eancia artificial e a teoria da computa\u00e7\u00e3o, atrav\u00e9s de uma s\u00e9rie de palestras mensais.\u00a0 As palestras do Col\u00f3quio de L\u00f3gica ser\u00e3o realizadas de forma h\u00edbrida. T\u00eam lugar, salvo indica\u00e7\u00e3o em contr\u00e1rio, na sala 3.10 do Departamento de Matem\u00e1tica  do T\u00e9cnico ULisboa e  virtualmente. <\/p>\n\n\n\n<p><\/p>\n\n\n\n<p><\/p>\n\n\n\n<p>Ver em <a href=\"https:\/\/groups.tecnico.ulisboa.pt\/~spl.daemon\/eventos\/\">Eventos<\/a> as palestras j\u00e1 realizadas no Col\u00f3quio de L\u00f3gica.<\/p>\n\n\n\n<p> <br> Informa\u00e7\u00e3o sobre o Col\u00f3quio de L\u00f3gica tamb\u00e9m est\u00e1 dispon\u00edvel na p\u00e1gina dos <a rel=\"noreferrer noopener\" href=\"https:\/\/math.tecnico.ulisboa.pt\/seminars\/\" target=\"_blank\">semin\u00e1rios do Departamento do Matem\u00e1tica do IST<\/a>, em particular na p\u00e1gina <a rel=\"noreferrer noopener\" href=\"https:\/\/math.tecnico.ulisboa.pt\/seminars\/collog\/\" target=\"_blank\">Col\u00f3quio de L\u00f3gica<\/a> onde se encontram alguns <a rel=\"noreferrer noopener\" href=\"https:\/\/math.tecnico.ulisboa.pt\/seminars\/collog\/?action=videos\" target=\"_blank\">V\u00eddeos do Col\u00f3quio de L\u00f3gica<\/a>.<br> <\/p>\n\n\n\n<p style=\"font-size:25px\"><\/p>\n","protected":false},"excerpt":{"rendered":"<p>O Col\u00f3quio de L\u00f3gica,\u00a0organizado pela Sociedade Portuguesa de L\u00f3gica SPL, visa\u00a0promover a investiga\u00e7\u00e3o e o conhecimento nesta \u00e1rea, desde a l\u00f3gica matem\u00e1tica at\u00e9 \u00e0 l\u00f3gica filos\u00f3fica assim como l\u00f3gica para a intelig\u00eancia artificial e a teoria da computa\u00e7\u00e3o, atrav\u00e9s de uma s\u00e9rie de palestras mensais.\u00a0 As palestras do Col\u00f3quio de L\u00f3gica ser\u00e3o realizadas de forma &hellip;<\/p>\n<p class=\"read-more\"> <a class=\"\" href=\"https:\/\/groups.tecnico.ulisboa.pt\/~spl.daemon\/coloquio\/\"> <span class=\"screen-reader-text\">Col\u00f3quio de L\u00f3gica<\/span> Read More &raquo;<\/a><\/p>\n","protected":false},"author":1,"featured_media":0,"parent":0,"menu_order":0,"comment_status":"closed","ping_status":"closed","template":"","meta":{"site-sidebar-layout":"default","site-content-layout":"default","ast-global-header-display":"","ast-main-header-display":"","ast-hfb-above-header-display":"","ast-hfb-below-header-display":"","ast-hfb-mobile-header-display":"","site-post-title":"","ast-breadcrumbs-content":"","ast-featured-img":"","footer-sml-layout":"","theme-transparent-header-meta":"","adv-header-id-meta":"","stick-header-meta":"","header-above-stick-meta":"","header-main-stick-meta":"","header-below-stick-meta":"","footnotes":""},"_links":{"self":[{"href":"https:\/\/groups.tecnico.ulisboa.pt\/~spl.daemon\/wp-json\/wp\/v2\/pages\/17"}],"collection":[{"href":"https:\/\/groups.tecnico.ulisboa.pt\/~spl.daemon\/wp-json\/wp\/v2\/pages"}],"about":[{"href":"https:\/\/groups.tecnico.ulisboa.pt\/~spl.daemon\/wp-json\/wp\/v2\/types\/page"}],"author":[{"embeddable":true,"href":"https:\/\/groups.tecnico.ulisboa.pt\/~spl.daemon\/wp-json\/wp\/v2\/users\/1"}],"replies":[{"embeddable":true,"href":"https:\/\/groups.tecnico.ulisboa.pt\/~spl.daemon\/wp-json\/wp\/v2\/comments?post=17"}],"version-history":[{"count":97,"href":"https:\/\/groups.tecnico.ulisboa.pt\/~spl.daemon\/wp-json\/wp\/v2\/pages\/17\/revisions"}],"predecessor-version":[{"id":1029,"href":"https:\/\/groups.tecnico.ulisboa.pt\/~spl.daemon\/wp-json\/wp\/v2\/pages\/17\/revisions\/1029"}],"wp:attachment":[{"href":"https:\/\/groups.tecnico.ulisboa.pt\/~spl.daemon\/wp-json\/wp\/v2\/media?parent=17"}],"curies":[{"name":"wp","href":"https:\/\/api.w.org\/{rel}","templated":true}]}}